{"id":41626,"date":"2026-07-10T10:16:57","date_gmt":"2026-07-10T10:16:57","guid":{"rendered":"https:\/\/greenagritec.com\/"},"modified":"2026-07-19T20:54:00","modified_gmt":"2026-07-19T20:54:00","slug":"cortador-de-grama-eletrico-com-fio-black-decker-bemwh551-qs-de-1200-w-largura-de-corte-de-30-cm","status":"publish","type":"product","link":"https:\/\/greenagritec.com\/pt\/produto-2\/cortador-de-grama-eletrico-com-fio-black-decker-bemwh551-qs-de-1200-w-largura-de-corte-de-30-cm\/","title":{"rendered":"Cortador de grama el\u00e9trico com fio de 1200 W \u2013 Largura de corte de 30 cm \u2013 BLACK+DECKER BEMWH551-QS"},"content":{"rendered":"<p class=\"PDq2pG_selectionAnchorContainer\" data-start=\"1046\" data-end=\"1332\">Mantenha seu gramado em boas condi\u00e7\u00f5es com facilidade. <strong data-start=\"1090\" data-end=\"1146\">Cortador de grama el\u00e9trico com fio BLACK+DECKER BEMWH551-QS<\/strong>. Seu motor de <strong data-start=\"1162\" data-end=\"1173\">1200 W<\/strong> Oferece o desempenho necess\u00e1rio para garantir um corte regular e eficiente em jardins pequenos e gramados de at\u00e9 aproximadamente <strong data-start=\"1321\" data-end=\"1331\">250 m\u00b2<\/strong>.<\/p>\n<p data-start=\"1334\" data-end=\"1649\">Gra\u00e7as ao seu <strong data-start=\"1345\" data-end=\"1374\">largura de corte de 30 cm<\/strong>, Este cortador de relva \u00e9 particularmente adequado para espa\u00e7os pequenos, jardins urbanos e \u00e1reas com passagens estreitas. O seu tamanho compacto facilita a manobra em torno de bordas, canteiros e outros obst\u00e1culos no jardim.<\/p>\n<p data-start=\"1651\" data-end=\"1843\">A altura de corte pode ser ajustada em <strong data-start=\"1692\" data-end=\"1725\">3 posi\u00e7\u00f5es: 20, 40 ou 60 mm<\/strong>. Isso permite ajustar a altura da grama de acordo com a esta\u00e7\u00e3o do ano, as condi\u00e7\u00f5es de crescimento e o resultado desejado.<\/p>\n<p data-start=\"1845\" data-end=\"2110\">Seu design leve e seu <strong data-start=\"1872\" data-end=\"1910\">al\u00e7a ergon\u00f4mica tipo carrinho de beb\u00ea<\/strong> Elas garantem uma pegada confort\u00e1vel e facilitam a movimenta\u00e7\u00e3o durante o corte da grama. Sua alimenta\u00e7\u00e3o por fio tamb\u00e9m permite o uso sem a necessidade de recarregar baterias ou abastecer com combust\u00edvel.<\/p>\n<p data-start=\"2112\" data-end=\"2237\">L\u00e1 <strong data-start=\"2115\" data-end=\"2143\">BLACK+DECKER BEMWH551-QS<\/strong> Oferece uma solu\u00e7\u00e3o pr\u00e1tica e acess\u00edvel para a manuten\u00e7\u00e3o regular de pequenos gramados.<\/p>\n<hr data-start=\"2239\" data-end=\"2242\" \/>\n<h2 data-section-id=\"1a1ahae\" data-start=\"2244\" data-end=\"2259\">Principais caracter\u00edsticas:<\/h2>\n<ul data-start=\"2261\" data-end=\"2740\">\n<li data-section-id=\"162gp3i\" data-start=\"2261\" data-end=\"2306\">Motor el\u00e9trico de alto desempenho <strong data-start=\"2295\" data-end=\"2306\">1200 W<\/strong><\/li>\n<li data-section-id=\"pgnqoh\" data-start=\"2307\" data-end=\"2347\">Largura de corte compacta <strong data-start=\"2338\" data-end=\"2347\">30 cm<\/strong><\/li>\n<li data-section-id=\"11k1ddw\" data-start=\"2348\" data-end=\"2414\">Recomendado para gramados pequenos de at\u00e9 aproximadamente <strong data-start=\"2404\" data-end=\"2414\">250 m\u00b2<\/strong><\/li>\n<li data-section-id=\"1tsdrgm\" data-start=\"2415\" data-end=\"2450\"><strong data-start=\"2417\" data-end=\"2450\">3 alturas de corte ajust\u00e1veis<\/strong><\/li>\n<li data-section-id=\"1h8hutk\" data-start=\"2451\" data-end=\"2495\">Alturas dispon\u00edveis: <strong data-start=\"2476\" data-end=\"2495\">20, 40 e 60 mm<\/strong><\/li>\n<li data-section-id=\"1gxytsv\" data-start=\"2496\" data-end=\"2537\">Design leve e f\u00e1cil de manobrar<\/li>\n<li data-section-id=\"ymblqi\" data-start=\"2538\" data-end=\"2574\">al\u00e7a ergon\u00f4mica tipo carrinho de beb\u00ea<\/li>\n<li data-section-id=\"wbhfzc\" data-start=\"2575\" data-end=\"2631\">Ideal para jardins urbanos e espa\u00e7os estreitos.<\/li>\n<li data-section-id=\"1j6soai\" data-start=\"2632\" data-end=\"2686\">Funcionamento el\u00e9trico sem bateria ou combust\u00edvel<\/li>\n<li data-section-id=\"xccghk\" data-start=\"2687\" data-end=\"2705\">Manuten\u00e7\u00e3o f\u00e1cil<\/li>\n<li data-section-id=\"1lv1oum\" data-start=\"2706\" data-end=\"2740\">Uma marca reconhecida <strong data-start=\"2724\" data-end=\"2740\">BLACK+DECKER<\/strong><\/li>\n<\/ul>\n<hr data-start=\"2742\" data-end=\"2745\" \/>\n<h2 data-section-id=\"1ilt2zm\" data-start=\"2747\" data-end=\"2777\"><\/h2>\n<div class=\"TyagGW_tableContainer\">\n<div class=\"group TyagGW_tableWrapper flex flex-col-reverse w-fit\" tabindex=\"-1\">\n<table class=\"w-fit min-w-(--thread-content-width)\" data-start=\"2779\" data-end=\"3435\">\n<thead data-start=\"2779\" data-end=\"2812\">\n<tr data-start=\"2779\" data-end=\"2812\">\n<th class=\"last:pe-10\" data-start=\"2779\" data-end=\"2797\" data-col-size=\"sm\">Especifica\u00e7\u00f5es t\u00e9cnicas<\/th>\n<th class=\"last:pe-10\" data-start=\"2797\" data-end=\"2812\" data-col-size=\"sm\">Detalhes<\/th>\n<\/tr>\n<\/thead>\n<tbody data-start=\"2823\" data-end=\"3435\">\n<tr data-start=\"2823\" data-end=\"2848\">\n<td data-start=\"2823\" data-end=\"2832\" data-col-size=\"sm\">Marca<\/td>\n<td data-start=\"2832\" data-end=\"2848\" data-col-size=\"sm\">BLACK+DECKER<\/td>\n<\/tr>\n<tr data-start=\"2849\" data-end=\"2873\">\n<td data-start=\"2849\" data-end=\"2858\" data-col-size=\"sm\">Modelo<\/td>\n<td data-start=\"2858\" data-end=\"2873\" data-col-size=\"sm\">BEMWH551-QS<\/td>\n<\/tr>\n<tr data-start=\"2874\" data-end=\"2931\">\n<td data-start=\"2874\" data-end=\"2892\" data-col-size=\"sm\">Tipo de produto<\/td>\n<td data-start=\"2892\" data-end=\"2931\" data-col-size=\"sm\">cortador de grama el\u00e9trico com fio<\/td>\n<\/tr>\n<tr data-start=\"2932\" data-end=\"2955\">\n<td data-start=\"2932\" data-end=\"2944\" data-col-size=\"sm\">Poder<\/td>\n<td data-start=\"2944\" data-end=\"2955\" data-col-size=\"sm\">1200 W<\/td>\n<\/tr>\n<tr data-start=\"2956\" data-end=\"2984\">\n<td data-start=\"2956\" data-end=\"2975\" data-col-size=\"sm\">Largura de corte<\/td>\n<td data-start=\"2975\" data-end=\"2984\" data-col-size=\"sm\">30 cm<\/td>\n<\/tr>\n<tr data-start=\"2985\" data-end=\"3024\">\n<td data-start=\"2985\" data-end=\"3005\" data-col-size=\"sm\">alturas de corte<\/td>\n<td data-start=\"3005\" data-end=\"3024\" data-col-size=\"sm\">20, 40 e 60 mm<\/td>\n<\/tr>\n<tr data-start=\"3025\" data-end=\"3052\">\n<td data-start=\"3025\" data-end=\"3047\" data-col-size=\"sm\">N\u00famero de posi\u00e7\u00f5es<\/td>\n<td data-start=\"3047\" data-end=\"3052\" data-col-size=\"sm\">3<\/td>\n<\/tr>\n<tr data-start=\"3053\" data-end=\"3101\">\n<td data-start=\"3053\" data-end=\"3075\" data-col-size=\"sm\">Superf\u00edcie recomendada<\/td>\n<td data-start=\"3075\" data-end=\"3101\" data-col-size=\"sm\">At\u00e9 aproximadamente 250 m\u00b2<\/td>\n<\/tr>\n<tr data-start=\"3102\" data-end=\"3156\">\n<td data-start=\"3102\" data-end=\"3126\" data-col-size=\"sm\">Fonte de energia<\/td>\n<td data-start=\"3126\" data-end=\"3156\" data-col-size=\"sm\">Rede el\u00e9trica \u2013 cabo el\u00e9trico<\/td>\n<\/tr>\n<tr data-start=\"3157\" data-end=\"3213\">\n<td data-start=\"3157\" data-end=\"3175\" data-col-size=\"sm\">Tipo de al\u00e7a<\/td>\n<td data-start=\"3175\" data-end=\"3213\" data-col-size=\"sm\">al\u00e7a ergon\u00f4mica tipo carrinho de beb\u00ea<\/td>\n<\/tr>\n<tr data-start=\"3214\" data-end=\"3242\">\n<td data-start=\"3214\" data-end=\"3224\" data-col-size=\"sm\">Cor<\/td>\n<td data-start=\"3224\" data-end=\"3242\" data-col-size=\"sm\">Preto e laranja<\/td>\n<\/tr>\n<tr data-start=\"3243\" data-end=\"3291\">\n<td data-start=\"3243\" data-end=\"3257\" data-col-size=\"sm\">Usar<\/td>\n<td data-start=\"3257\" data-end=\"3291\" data-col-size=\"sm\">Manuten\u00e7\u00e3o de pequenos gramados<\/td>\n<\/tr>\n<tr data-start=\"3292\" data-end=\"3329\">\n<td data-start=\"3292\" data-end=\"3311\" data-col-size=\"sm\">Bateria inclu\u00edda<\/td>\n<td data-start=\"3311\" data-end=\"3329\" data-col-size=\"sm\">N\u00e3o aplic\u00e1vel<\/td>\n<\/tr>\n<tr data-start=\"3330\" data-end=\"3366\">\n<td data-start=\"3330\" data-end=\"3348\" data-col-size=\"sm\">Carregador inclu\u00eddo<\/td>\n<td data-start=\"3348\" data-end=\"3366\" data-col-size=\"sm\">N\u00e3o aplic\u00e1vel<\/td>\n<\/tr>\n<tr data-start=\"3367\" data-end=\"3397\">\n<td data-start=\"3367\" data-end=\"3380\" data-col-size=\"sm\">EAN \/ GTIN<\/td>\n<td data-start=\"3380\" data-end=\"3397\" data-col-size=\"sm\">5035048706879<\/td>\n<\/tr>\n<tr data-start=\"3398\" data-end=\"3435\">\n<td data-start=\"3398\" data-end=\"3420\" data-col-size=\"sm\">Refer\u00eancia do fabricante<\/td>\n<td data-start=\"3420\" data-end=\"3435\" data-col-size=\"sm\">BEMWH551-QS<\/td>\n<\/tr>\n<\/tbody>\n<\/table>\n<\/div>\n<\/div>\n<hr data-start=\"3437\" data-end=\"3440\" \/>\n<h2 data-section-id=\"1ulyre\" data-start=\"3442\" data-end=\"3468\">Conte\u00fado da embalagem:<\/h2>\n<ul data-start=\"3470\" data-end=\"3599\">\n<li data-section-id=\"td3gp9\" data-start=\"3470\" data-end=\"3520\">1 \u00d7 Cortador de grama el\u00e9trico BLACK+DECKER BEMWH551-QS<\/li>\n<li data-section-id=\"108r1z8\" data-start=\"3521\" data-end=\"3571\">Componentes e acess\u00f3rios fornecidos pelo fabricante.<\/li>\n<li data-section-id=\"15xdzn7\" data-start=\"3572\" data-end=\"3599\">Documenta\u00e7\u00e3o do usu\u00e1rio<\/li>\n<\/ul>\n<hr data-start=\"3601\" data-end=\"3604\" \/>\n<h2 data-section-id=\"1docm0q\" data-start=\"3606\" data-end=\"3634\">Usos recomendados:<\/h2>\n<p data-start=\"3636\" data-end=\"3686\">Este cortador de relva \u00e9 particularmente adequado para:<\/p>\n<ul data-start=\"3688\" data-end=\"3887\">\n<li data-section-id=\"lq23u7\" data-start=\"3688\" data-end=\"3710\">jardins pequenos; ;<\/li>\n<li data-section-id=\"14mdfmi\" data-start=\"3711\" data-end=\"3736\">gramados urbanos; ;<\/li>\n<li data-section-id=\"12357sb\" data-start=\"3737\" data-end=\"3783\">\u00e1reas de at\u00e9 aproximadamente 250 m\u00b2; ;<\/li>\n<li data-section-id=\"1w796fj\" data-start=\"3784\" data-end=\"3817\">manuten\u00e7\u00e3o regular do gramado; ;<\/li>\n<li data-section-id=\"1lf4ljj\" data-start=\"3818\" data-end=\"3840\">\u00e1reas estreitas; ;<\/li>\n<li data-section-id=\"yore7g\" data-start=\"3841\" data-end=\"3887\">as passagens ao redor dos canteiros e bordas.<\/li>\n<\/ul>\n<hr data-start=\"3889\" data-end=\"3892\" \/>\n<h2 data-section-id=\"1378wcq\" data-start=\"3894\" data-end=\"3921\">Informa\u00e7\u00e3o importante:<\/h2>\n<p data-start=\"3923\" data-end=\"4138\">Este cortador de relva funciona ligado \u00e0 corrente el\u00e9trica e requer uma fonte de alimenta\u00e7\u00e3o adequada. Verifique sempre a posi\u00e7\u00e3o do cabo durante a utiliza\u00e7\u00e3o para garantir que n\u00e3o est\u00e1 na \u00e1rea de corte.<\/p>\n<p data-start=\"4140\" data-end=\"4285\">A \u00e1rea m\u00e1xima recomendada pode variar dependendo da altura e densidade da grama, da configura\u00e7\u00e3o do terreno e das condi\u00e7\u00f5es de uso.<\/p>","protected":false},"excerpt":{"rendered":"<p>Entrega r\u00e1pida na Europa (3 a 7 dias)<br \/>\nPagamento seguro<\/p>","protected":false},"featured_media":41668,"comment_status":"open","ping_status":"closed","template":"","meta":[],"product_brand":[1066],"product_cat":[908,919,940],"product_tag":[1067,1068],"class_list":["post-41626","product","type-product","status-publish","has-post-thumbnail","product_brand-blackdecker","product_cat-ga-garden","product_cat-materiel-agricole-jardin","product_cat-tondeuse-a-gazon","product_tag-tondeuse-electrique-blackdecker-petit-jardin","product_tag-tondeuse-filaire","first","instock","taxable","shipping-taxable","purchasable","product-type-simple"],"_links":{"self":[{"href":"https:\/\/greenagritec.com\/pt\/wp-json\/wp\/v2\/product\/41626","targetHints":{"allow":["GET"]}}],"collection":[{"href":"https:\/\/greenagritec.com\/pt\/wp-json\/wp\/v2\/product"}],"about":[{"href":"https:\/\/greenagritec.com\/pt\/wp-json\/wp\/v2\/types\/product"}],"replies":[{"embeddable":true,"href":"https:\/\/greenagritec.com\/pt\/wp-json\/wp\/v2\/comments?post=41626"}],"version-history":[{"count":0,"href":"https:\/\/greenagritec.com\/pt\/wp-json\/wp\/v2\/product\/41626\/revisions"}],"wp:featuredmedia":[{"embeddable":true,"href":"https:\/\/greenagritec.com\/pt\/wp-json\/wp\/v2\/media\/41668"}],"wp:attachment":[{"href":"https:\/\/greenagritec.com\/pt\/wp-json\/wp\/v2\/media?parent=41626"}],"wp:term":[{"taxonomy":"product_brand","embeddable":true,"href":"https:\/\/greenagritec.com\/pt\/wp-json\/wp\/v2\/product_brand?post=41626"},{"taxonomy":"product_cat","embeddable":true,"href":"https:\/\/greenagritec.com\/pt\/wp-json\/wp\/v2\/product_cat?post=41626"},{"taxonomy":"product_tag","embeddable":true,"href":"https:\/\/greenagritec.com\/pt\/wp-json\/wp\/v2\/product_tag?post=41626"}],"curies":[{"name":"wp","href":"https:\/\/api.w.org\/{rel}","templated":true}]}}