{"id":41540,"date":"2026-07-10T09:38:17","date_gmt":"2026-07-10T09:38:17","guid":{"rendered":"https:\/\/greenagritec.com\/"},"modified":"2026-08-06T08:53:15","modified_gmt":"2026-08-06T08:53:15","slug":"podador-eletrico-sem-fio-bosch-professional-ggp-12v-25-12v-capacidade-de-corte-de-25-mm-somente-ferramenta","status":"publish","type":"product","link":"https:\/\/greenagritec.com\/pt\/produto-2\/podador-eletrico-sem-fio-bosch-professional-ggp-12v-25-12v-capacidade-de-corte-de-25-mm-somente-ferramenta\/","title":{"rendered":"Podador el\u00e9trico sem fio Bosch Professional GGP 12V-25 \u2013 12V \u2013 Capacidade de corte de 25mm \u2013 Somente a ferramenta"},"content":{"rendered":"<h2 class=\"PDq2pG_selectionAnchorContainer\" data-section-id=\"1jgg2bq\" data-start=\"2335\" data-end=\"2435\">Bosch Professional GGP 12V-25 \u2013 Uma podadora sem fio de alto desempenho para podas r\u00e1pidas e precisas.<\/h2>\n<p data-start=\"2437\" data-end=\"2596\">O <strong data-start=\"2440\" data-end=\"2473\">Bosch Professional GGP 12V-25<\/strong> \u00c9 uma tesoura de poda el\u00e9trica sem fio projetada para facilitar a poda regular e a manuten\u00e7\u00e3o de \u00e1reas verdes.<\/p>\n<p data-start=\"2598\" data-end=\"2806\">Gra\u00e7as \u00e0 sua poderosa <strong data-start=\"2619\" data-end=\"2643\">motor sem escovas<\/strong>, Permite cortar ramos de forma eficiente at\u00e9 <strong data-start=\"2699\" data-end=\"2720\">25 mm de di\u00e2metro<\/strong>, ao mesmo tempo que reduz o esfor\u00e7o necess\u00e1rio em compara\u00e7\u00e3o com uma tesoura de poda manual tradicional.<\/p>\n<p data-start=\"2808\" data-end=\"3049\">Seu sistema de corte motorizado \u00e9 particularmente adequado para tarefas repetitivas em jardins, pomares e \u00e1reas verdes. \u00c9 especialmente indicado para podar arbustos, plantas lenhosas e \u00e1rvores frut\u00edferas.<\/p>\n<p data-start=\"3051\" data-end=\"3288\">Com uma autonomia de bateria de at\u00e9 <strong data-start=\"3096\" data-end=\"3123\">4.500 cortes por carga<\/strong>, Dependendo da bateria utilizada, do di\u00e2metro e da dureza dos ramos, a GGP 12V-25 foi projetada para oferecer alta produtividade durante longas sess\u00f5es de poda.<\/p>\n<p data-start=\"3290\" data-end=\"3526\">Seu peso reduzido de aproximadamente <strong data-start=\"3317\" data-end=\"3342\">0,83 kg sem bateria<\/strong> Seu design ergon\u00f4mico permite uma pegada confort\u00e1vel. Seu tamanho compacto facilita o controle da ferramenta e ajuda a reduzir a fadiga durante o uso prolongado.<\/p>\n<p data-start=\"3528\" data-end=\"3769\">O tipo de l\u00e2mina <strong data-start=\"3544\" data-end=\"3554\">ignorar<\/strong>, A l\u00e2mina de desvio, tamb\u00e9m conhecida como l\u00e2mina defletora, garante um corte limpo e preciso. Este sistema \u00e9 particularmente adequado para a poda de plantas vivas quando utilizado de acordo com as recomenda\u00e7\u00f5es do fabricante.<\/p>\n<p data-start=\"3771\" data-end=\"4090\">A bateria Bosch Professional GGP 12V-25 faz parte do sistema de baterias. <strong data-start=\"3840\" data-end=\"3867\">Bosch Professional 12V<\/strong>. Esta vers\u00e3o \u00e9 vendida em <strong data-start=\"3897\" data-end=\"3914\">m\u00e1quina \u00fanica<\/strong>, Sem bateria ou carregador. Representa, portanto, uma solu\u00e7\u00e3o atraente para usu\u00e1rios que j\u00e1 possuem equipamentos compat\u00edveis da linha Bosch Professional 12V.<\/p>\n<hr data-start=\"4092\" data-end=\"4095\" \/>\n<h2 data-section-id=\"1a1ahae\" data-start=\"4097\" data-end=\"4112\">Principais caracter\u00edsticas:<\/h2>\n<ul data-start=\"4114\" data-end=\"4730\">\n<li data-section-id=\"1b3k8rq\" data-start=\"4114\" data-end=\"4158\">podador el\u00e9trico profissional sem fio<\/li>\n<li data-section-id=\"pd3kek\" data-start=\"4159\" data-end=\"4194\">Motor potente <strong data-start=\"4177\" data-end=\"4194\">sem carbono<\/strong><\/li>\n<li data-section-id=\"1h2ondj\" data-start=\"4195\" data-end=\"4232\">Capacidade de corte at\u00e9 <strong data-start=\"4223\" data-end=\"4232\">25 mm<\/strong><\/li>\n<li data-section-id=\"hpd1um\" data-start=\"4233\" data-end=\"4270\">At\u00e9 <strong data-start=\"4243\" data-end=\"4270\">4.500 cortes por carga<\/strong><\/li>\n<li data-section-id=\"1rv1vdh\" data-start=\"4271\" data-end=\"4314\">Sistema de corte motorizado reduz o esfor\u00e7o manual.<\/li>\n<li data-section-id=\"1os9kmb\" data-start=\"4315\" data-end=\"4359\">L\u00e2mina tipo bypass para um corte preciso<\/li>\n<li data-section-id=\"1ghqo4o\" data-start=\"4360\" data-end=\"4396\">Design compacto e ergon\u00f4mico<\/li>\n<li data-section-id=\"18qz3ey\" data-start=\"4397\" data-end=\"4446\">Leve, aproximadamente <strong data-start=\"4421\" data-end=\"4446\">0,83 kg sem bateria<\/strong><\/li>\n<li data-section-id=\"155j95d\" data-start=\"4447\" data-end=\"4486\">Adequado para sess\u00f5es de poda prolongadas.<\/li>\n<li data-section-id=\"1m8l44w\" data-start=\"4487\" data-end=\"4539\">Compat\u00edvel com o sistema Bosch Professional de 12V.<\/li>\n<li data-section-id=\"18bdl1t\" data-start=\"4540\" data-end=\"4581\">Ideal para arbustos e moitas.<\/li>\n<li data-section-id=\"3yj8mb\" data-start=\"4582\" data-end=\"4623\">Adequado para o tamanho de \u00e1rvores frut\u00edferas.<\/li>\n<li data-section-id=\"14m9rha\" data-start=\"4624\" data-end=\"4683\">Indicado para pessoas exigentes e profissionais.<\/li>\n<li data-section-id=\"5kt981\" data-start=\"4684\" data-end=\"4730\">N\u00e3o s\u00e3o necess\u00e1rios cabos el\u00e9tricos durante o uso.<\/li>\n<\/ul>\n<hr data-start=\"4732\" data-end=\"4735\" \/>\n<h2 data-section-id=\"1ilt2zm\" data-start=\"4737\" data-end=\"4767\"><\/h2>\n<div class=\"TyagGW_tableContainer\">\n<div class=\"group TyagGW_tableWrapper flex flex-col-reverse w-fit\" tabindex=\"-1\">\n<table class=\"w-fit min-w-(--thread-content-width)\" data-start=\"4769\" data-end=\"5507\">\n<thead data-start=\"4769\" data-end=\"4802\">\n<tr data-start=\"4769\" data-end=\"4802\">\n<th class=\"last:pe-10\" data-start=\"4769\" data-end=\"4787\" data-col-size=\"sm\">Especifica\u00e7\u00f5es t\u00e9cnicas<\/th>\n<th class=\"last:pe-10\" data-start=\"4787\" data-end=\"4802\" data-col-size=\"sm\">Detalhes do produto<\/th>\n<\/tr>\n<\/thead>\n<tbody data-start=\"4813\" data-end=\"5507\">\n<tr data-start=\"4813\" data-end=\"4844\">\n<td data-start=\"4813\" data-end=\"4822\" data-col-size=\"sm\">Marca<\/td>\n<td data-start=\"4822\" data-end=\"4844\" data-col-size=\"sm\">Bosch Profissional<\/td>\n<\/tr>\n<tr data-start=\"4845\" data-end=\"4868\">\n<td data-start=\"4845\" data-end=\"4854\" data-col-size=\"sm\">Modelo<\/td>\n<td data-start=\"4854\" data-end=\"4868\" data-col-size=\"sm\">GGP 12V-25<\/td>\n<\/tr>\n<tr data-start=\"4869\" data-end=\"4905\">\n<td data-start=\"4869\" data-end=\"4891\" data-col-size=\"sm\">Refer\u00eancia do fabricante<\/td>\n<td data-start=\"4891\" data-end=\"4905\" data-col-size=\"sm\">06008D8101<\/td>\n<\/tr>\n<tr data-start=\"4906\" data-end=\"4956\">\n<td data-start=\"4906\" data-end=\"4924\" data-col-size=\"sm\">Tipo de produto<\/td>\n<td data-start=\"4924\" data-end=\"4956\" data-col-size=\"sm\">podador el\u00e9trico sem fio<\/td>\n<\/tr>\n<tr data-start=\"4957\" data-end=\"4975\">\n<td data-start=\"4957\" data-end=\"4967\" data-col-size=\"sm\">Tens\u00e3o<\/td>\n<td data-start=\"4967\" data-end=\"4975\" data-col-size=\"sm\">12V<\/td>\n<\/tr>\n<tr data-start=\"4976\" data-end=\"5022\">\n<td data-start=\"4976\" data-end=\"4993\" data-col-size=\"sm\">Tipo de motor<\/td>\n<td data-start=\"4993\" data-end=\"5022\" data-col-size=\"sm\">Sem escova<\/td>\n<\/tr>\n<tr data-start=\"5023\" data-end=\"5069\">\n<td data-start=\"5023\" data-end=\"5052\" data-col-size=\"sm\">Capacidade m\u00e1xima de corte<\/td>\n<td data-start=\"5052\" data-end=\"5069\" data-col-size=\"sm\">At\u00e9 25 mm<\/td>\n<\/tr>\n<tr data-start=\"5070\" data-end=\"5117\">\n<td data-start=\"5070\" data-end=\"5089\" data-col-size=\"sm\">N\u00famero de cortes<\/td>\n<td data-start=\"5089\" data-end=\"5117\" data-col-size=\"sm\">At\u00e9 4.500 por cobran\u00e7a<\/td>\n<\/tr>\n<tr data-start=\"5118\" data-end=\"5163\">\n<td data-start=\"5118\" data-end=\"5133\" data-col-size=\"sm\">Tipo de l\u00e2mina<\/td>\n<td data-start=\"5133\" data-end=\"5163\" data-col-size=\"sm\">L\u00e2mina de desvio\/shunt<\/td>\n<\/tr>\n<tr data-start=\"5164\" data-end=\"5192\">\n<td data-start=\"5164\" data-end=\"5178\" data-col-size=\"sm\">Orienta\u00e7\u00e3o<\/td>\n<td data-start=\"5178\" data-end=\"5192\" data-col-size=\"sm\">Ambidestro<\/td>\n<\/tr>\n<tr data-start=\"5193\" data-end=\"5229\">\n<td data-start=\"5193\" data-end=\"5217\" data-col-size=\"sm\">Fonte de energia<\/td>\n<td data-start=\"5217\" data-end=\"5229\" data-col-size=\"sm\">Bateria<\/td>\n<\/tr>\n<tr data-start=\"5230\" data-end=\"5256\">\n<td data-start=\"5230\" data-end=\"5249\" data-col-size=\"sm\">Bateria inclu\u00edda<\/td>\n<td data-start=\"5249\" data-end=\"5256\" data-col-size=\"sm\">N\u00e3o<\/td>\n<\/tr>\n<tr data-start=\"5257\" data-end=\"5282\">\n<td data-start=\"5257\" data-end=\"5275\" data-col-size=\"sm\">Carregador inclu\u00eddo<\/td>\n<td data-start=\"5275\" data-end=\"5282\" data-col-size=\"sm\">N\u00e3o<\/td>\n<\/tr>\n<tr data-start=\"5283\" data-end=\"5310\">\n<td data-start=\"5283\" data-end=\"5293\" data-col-size=\"sm\">Vers\u00e3o<\/td>\n<td data-start=\"5293\" data-end=\"5310\" data-col-size=\"sm\">Somente m\u00e1quina<\/td>\n<\/tr>\n<tr data-start=\"5311\" data-end=\"5359\">\n<td data-start=\"5311\" data-end=\"5333\" data-col-size=\"sm\">Peso sem bateria<\/td>\n<td data-start=\"5333\" data-end=\"5359\" data-col-size=\"sm\">Aproximadamente 0,83 a 0,85 kg<\/td>\n<\/tr>\n<tr data-start=\"5360\" data-end=\"5403\">\n<td data-start=\"5360\" data-end=\"5373\" data-col-size=\"sm\">Dimens\u00f5es<\/td>\n<td data-start=\"5373\" data-end=\"5403\" data-col-size=\"sm\">Aproximadamente 33,6 \u00d7 14 \u00d7 8,5 cm<\/td>\n<\/tr>\n<tr data-start=\"5404\" data-end=\"5441\">\n<td data-start=\"5404\" data-end=\"5414\" data-col-size=\"sm\">Cor<\/td>\n<td data-start=\"5414\" data-end=\"5441\" data-col-size=\"sm\">Bosch Profissional Azul<\/td>\n<\/tr>\n<tr data-start=\"5442\" data-end=\"5472\">\n<td data-start=\"5442\" data-end=\"5455\" data-col-size=\"sm\">EAN \/ GTIN<\/td>\n<td data-start=\"5455\" data-end=\"5472\" data-col-size=\"sm\">4053423357073<\/td>\n<\/tr>\n<tr data-start=\"5473\" data-end=\"5507\">\n<td data-start=\"5473\" data-end=\"5498\" data-col-size=\"sm\">Pa\u00eds de origem indicado<\/td>\n<td data-start=\"5498\" data-end=\"5507\" data-col-size=\"sm\">China<\/td>\n<\/tr>\n<\/tbody>\n<\/table>\n<\/div>\n<\/div>\n<hr data-start=\"5509\" data-end=\"5512\" \/>\n<h2 data-section-id=\"1ulyre\" data-start=\"5514\" data-end=\"5540\">Conte\u00fado da entrega<\/h2>\n<ul data-start=\"5542\" data-end=\"5625\">\n<li data-section-id=\"10f9h3w\" data-start=\"5542\" data-end=\"5597\">1 \u00d7 Podador el\u00e9trico Bosch Professional GGP 12V-25<\/li>\n<li data-section-id=\"15xdzn7\" data-start=\"5598\" data-end=\"5625\">Documenta\u00e7\u00e3o do usu\u00e1rio<\/li>\n<\/ul>\n<p data-start=\"5627\" data-end=\"5663\"><strong data-start=\"5627\" data-end=\"5663\">Bateria e carregador n\u00e3o inclu\u00eddos.<\/strong><\/p>\n<p data-start=\"5665\" data-end=\"5820\">A bateria e o carregador Bosch Professional de 12V compat\u00edveis devem ser adquiridos separadamente caso o cliente ainda n\u00e3o possua o sistema correspondente.<\/p>\n<hr data-start=\"5822\" data-end=\"5825\" \/>\n<h2 data-section-id=\"1docm0q\" data-start=\"5827\" data-end=\"5855\">Usos recomendados:<\/h2>\n<p data-start=\"5857\" data-end=\"5907\">A furadeira Bosch Professional GGP 12V-25 \u00e9 adequada para:<\/p>\n<ul data-start=\"5909\" data-end=\"6191\">\n<li data-section-id=\"1fj96g0\" data-start=\"5909\" data-end=\"5935\">o tamanho dos arbustos; ;<\/li>\n<li data-section-id=\"en9om\" data-start=\"5936\" data-end=\"5964\">a manuten\u00e7\u00e3o dos arbustos; ;<\/li>\n<li data-section-id=\"12dgt5d\" data-start=\"5965\" data-end=\"5999\">o tamanho das \u00e1rvores frut\u00edferas; ;<\/li>\n<li data-section-id=\"ita0s4\" data-start=\"6000\" data-end=\"6032\">trabalho nos pomares; ;<\/li>\n<li data-section-id=\"zgd747\" data-start=\"6033\" data-end=\"6071\">corte de galhos de at\u00e9 25 mm; ;<\/li>\n<li data-section-id=\"1lzw5tk\" data-start=\"6072\" data-end=\"6108\">manuten\u00e7\u00e3o regular do jardim; ;<\/li>\n<li data-section-id=\"128ppu6\" data-start=\"6109\" data-end=\"6144\">tarefas de corte repetitivas; ;<\/li>\n<li data-section-id=\"1djv91m\" data-start=\"6145\" data-end=\"6191\">Manuten\u00e7\u00e3o profissional de espa\u00e7os verdes.<\/li>\n<\/ul>\n<hr data-start=\"6193\" data-end=\"6196\" \/>\n<h2 data-section-id=\"1378wcq\" data-start=\"6198\" data-end=\"6225\">Informa\u00e7\u00e3o importante!<\/h2>\n<p data-start=\"6227\" data-end=\"6277\">Este produto \u00e9 vendido em <strong data-start=\"6251\" data-end=\"6276\">vers\u00e3o somente para m\u00e1quina<\/strong>.<\/p>\n<p data-start=\"6279\" data-end=\"6329\"><strong data-start=\"6279\" data-end=\"6329\">A bateria e o carregador n\u00e3o est\u00e3o inclu\u00eddos.<\/strong><\/p>\n<p data-start=\"6331\" data-end=\"6398\">O n\u00famero m\u00e1ximo de <strong data-start=\"6352\" data-end=\"6379\">4.500 cortes por carga<\/strong> depende, em particular, de:<\/p>\n<ul data-start=\"6400\" data-end=\"6561\">\n<li data-section-id=\"1wxyk1h\" data-start=\"6400\" data-end=\"6427\">da bateria utilizada; ;<\/li>\n<li data-section-id=\"1xx6120\" data-start=\"6428\" data-end=\"6456\">o di\u00e2metro dos ramos; ;<\/li>\n<li data-section-id=\"1bxrp9r\" data-start=\"6457\" data-end=\"6494\">a dureza e o estado da madeira; ;<\/li>\n<li data-section-id=\"2to2xs\" data-start=\"6495\" data-end=\"6528\">condi\u00e7\u00f5es de temperatura; ;<\/li>\n<li data-section-id=\"w1nvoo\" data-start=\"6529\" data-end=\"6561\">da t\u00e9cnica de utiliza\u00e7\u00e3o.<\/li>\n<\/ul>\n<p data-start=\"6563\" data-end=\"6663\">A capacidade m\u00e1xima anunciada de <strong data-start=\"6596\" data-end=\"6605\">25 mm<\/strong> Tamb\u00e9m pode variar dependendo do tipo e da dureza da madeira.<\/p>\n<p data-start=\"6665\" data-end=\"6825\">Antes de qualquer opera\u00e7\u00e3o de limpeza, inspe\u00e7\u00e3o ou manuten\u00e7\u00e3o, remova a bateria. Use luvas adequadas e mantenha as m\u00e3os afastadas da \u00e1rea de corte.<\/p>","protected":false},"excerpt":{"rendered":"<p>Entrega r\u00e1pida na Europa (3 a 7 dias)<br \/>\nPagamento seguro<\/p>","protected":false},"featured_media":41722,"comment_status":"open","ping_status":"closed","template":"","meta":[],"product_brand":[1061],"product_cat":[908,925,1071],"product_tag":[1084],"class_list":["post-41540","product","type-product","status-publish","has-post-thumbnail","product_brand-bosch-professional","product_cat-ga-garden","product_cat-outils-de-coupe-elagage","product_cat-secateurs","product_tag-bosch-professional-secateur-electrique-secateur-sans-fil-secateur-12-v-coupe-25-mm-moteur-sans-charbons-machine-seule-coupe-et-elagage","first","instock","taxable","shipping-taxable","purchasable","product-type-simple"],"_links":{"self":[{"href":"https:\/\/greenagritec.com\/pt\/wp-json\/wp\/v2\/product\/41540","targetHints":{"allow":["GET"]}}],"collection":[{"href":"https:\/\/greenagritec.com\/pt\/wp-json\/wp\/v2\/product"}],"about":[{"href":"https:\/\/greenagritec.com\/pt\/wp-json\/wp\/v2\/types\/product"}],"replies":[{"embeddable":true,"href":"https:\/\/greenagritec.com\/pt\/wp-json\/wp\/v2\/comments?post=41540"}],"version-history":[{"count":1,"href":"https:\/\/greenagritec.com\/pt\/wp-json\/wp\/v2\/product\/41540\/revisions"}],"predecessor-version":[{"id":42099,"href":"https:\/\/greenagritec.com\/pt\/wp-json\/wp\/v2\/product\/41540\/revisions\/42099"}],"wp:featuredmedia":[{"embeddable":true,"href":"https:\/\/greenagritec.com\/pt\/wp-json\/wp\/v2\/media\/41722"}],"wp:attachment":[{"href":"https:\/\/greenagritec.com\/pt\/wp-json\/wp\/v2\/media?parent=41540"}],"wp:term":[{"taxonomy":"product_brand","embeddable":true,"href":"https:\/\/greenagritec.com\/pt\/wp-json\/wp\/v2\/product_brand?post=41540"},{"taxonomy":"product_cat","embeddable":true,"href":"https:\/\/greenagritec.com\/pt\/wp-json\/wp\/v2\/product_cat?post=41540"},{"taxonomy":"product_tag","embeddable":true,"href":"https:\/\/greenagritec.com\/pt\/wp-json\/wp\/v2\/product_tag?post=41540"}],"curies":[{"name":"wp","href":"https:\/\/api.w.org\/{rel}","templated":true}]}}