{"id":41540,"date":"2026-07-10T09:38:17","date_gmt":"2026-07-10T09:38:17","guid":{"rendered":"https:\/\/greenagritec.com\/"},"modified":"2026-08-06T08:53:15","modified_gmt":"2026-08-06T08:53:15","slug":"tijeras-de-podar-electricas-inalambricas-bosch-professional-ggp-12v-25-12v-capacidad-de-corte-de-25-mm-solo-herramienta","status":"publish","type":"product","link":"https:\/\/greenagritec.com\/es\/producto-2\/tijeras-de-podar-electricas-inalambricas-bosch-professional-ggp-12v-25-12v-capacidad-de-corte-de-25-mm-solo-herramienta\/","title":{"rendered":"Podadora el\u00e9ctrica inal\u00e1mbrica Bosch Professional GGP 12V-25 de 12 V \u2013 Capacidad de corte de 25 mm \u2013 Solo herramienta"},"content":{"rendered":"<h2 class=\"PDq2pG_selectionAnchorContainer\" data-section-id=\"1jgg2bq\" data-start=\"2335\" data-end=\"2435\">Bosch Professional GGP 12V-25: una podadora inal\u00e1mbrica de alto rendimiento para una poda r\u00e1pida y precisa.<\/h2>\n<p data-start=\"2437\" data-end=\"2596\">EL <strong data-start=\"2440\" data-end=\"2473\">Bosch Professional GGP 12V-25<\/strong> Es una podadora el\u00e9ctrica inal\u00e1mbrica dise\u00f1ada para facilitar las labores regulares de poda y mantenimiento en espacios verdes.<\/p>\n<p data-start=\"2598\" data-end=\"2806\">Gracias a su potente <strong data-start=\"2619\" data-end=\"2643\">motor sin escobillas<\/strong>, Te permite cortar ramas de manera eficiente hasta <strong data-start=\"2699\" data-end=\"2720\">25 mm de di\u00e1metro<\/strong>, a la vez que se reduce el esfuerzo necesario en comparaci\u00f3n con una podadora manual tradicional.<\/p>\n<p data-start=\"2808\" data-end=\"3049\">Su sistema de corte motorizado es especialmente adecuado para tareas repetitivas en jardines, huertos y zonas verdes. Resulta particularmente id\u00f3neo para la poda de arbustos, matorrales, plantas le\u00f1osas y \u00e1rboles frutales.<\/p>\n<p data-start=\"3051\" data-end=\"3288\">Con una duraci\u00f3n de bater\u00eda de hasta <strong data-start=\"3096\" data-end=\"3123\">4.500 cortes por cargo<\/strong>, En funci\u00f3n de la bater\u00eda utilizada, el di\u00e1metro y la dureza de las ramas, la GGP 12V-25 est\u00e1 dise\u00f1ada para ofrecer una alta productividad durante largas sesiones de poda.<\/p>\n<p data-start=\"3290\" data-end=\"3526\">Su peso reducido de aproximadamente <strong data-start=\"3317\" data-end=\"3342\">0,83 kg sin bater\u00eda<\/strong> Su dise\u00f1o ergon\u00f3mico permite un agarre c\u00f3modo. Su tama\u00f1o compacto facilita el control de la herramienta y ayuda a reducir la fatiga durante un uso prolongado.<\/p>\n<p data-start=\"3528\" data-end=\"3769\">El tipo de hoja <strong data-start=\"3544\" data-end=\"3554\">derivaci\u00f3n<\/strong>, La cuchilla de derivaci\u00f3n, tambi\u00e9n conocida como cuchilla deflectora, garantiza un corte limpio y preciso. Este sistema es especialmente adecuado para la poda de plantas vivas si se utiliza siguiendo las recomendaciones del fabricante.<\/p>\n<p data-start=\"3771\" data-end=\"4090\">La Bosch Professional GGP 12V-25 forma parte del sistema de bater\u00edas. <strong data-start=\"3840\" data-end=\"3867\">Bosch Professional 12V<\/strong>. Esta versi\u00f3n se vende en <strong data-start=\"3897\" data-end=\"3914\">m\u00e1quina \u00fanica<\/strong>, Sin bater\u00eda ni cargador. Por lo tanto, representa una soluci\u00f3n atractiva para los usuarios que ya poseen equipos compatibles de la gama Bosch Professional de 12 V.<\/p>\n<hr data-start=\"4092\" data-end=\"4095\" \/>\n<h2 data-section-id=\"1a1ahae\" data-start=\"4097\" data-end=\"4112\">Caracter\u00edsticas principales:<\/h2>\n<ul data-start=\"4114\" data-end=\"4730\">\n<li data-section-id=\"1b3k8rq\" data-start=\"4114\" data-end=\"4158\">Podadora el\u00e9ctrica inal\u00e1mbrica profesional<\/li>\n<li data-section-id=\"pd3kek\" data-start=\"4159\" data-end=\"4194\">Motor potente <strong data-start=\"4177\" data-end=\"4194\">sin carbono<\/strong><\/li>\n<li data-section-id=\"1h2ondj\" data-start=\"4195\" data-end=\"4232\">Capacidad de corte hasta <strong data-start=\"4223\" data-end=\"4232\">25 mm<\/strong><\/li>\n<li data-section-id=\"hpd1um\" data-start=\"4233\" data-end=\"4270\">Hasta <strong data-start=\"4243\" data-end=\"4270\">4.500 cortes por cargo<\/strong><\/li>\n<li data-section-id=\"1rv1vdh\" data-start=\"4271\" data-end=\"4314\">Sistema de corte motorizado que reduce el esfuerzo manual.<\/li>\n<li data-section-id=\"1os9kmb\" data-start=\"4315\" data-end=\"4359\">Cuchilla de tipo bypass para un corte preciso.<\/li>\n<li data-section-id=\"1ghqo4o\" data-start=\"4360\" data-end=\"4396\">Dise\u00f1o compacto y ergon\u00f3mico<\/li>\n<li data-section-id=\"18qz3ey\" data-start=\"4397\" data-end=\"4446\">Ligero, aproximadamente <strong data-start=\"4421\" data-end=\"4446\">0,83 kg sin bater\u00eda<\/strong><\/li>\n<li data-section-id=\"155j95d\" data-start=\"4447\" data-end=\"4486\">Adecuado para sesiones de poda prolongadas.<\/li>\n<li data-section-id=\"1m8l44w\" data-start=\"4487\" data-end=\"4539\">Compatible con el sistema Bosch Professional de 12 V.<\/li>\n<li data-section-id=\"18bdl1t\" data-start=\"4540\" data-end=\"4581\">Ideal para arbustos y matorrales.<\/li>\n<li data-section-id=\"3yj8mb\" data-start=\"4582\" data-end=\"4623\">Adecuado para el tama\u00f1o de los \u00e1rboles frutales.<\/li>\n<li data-section-id=\"14m9rha\" data-start=\"4624\" data-end=\"4683\">Adecuado para personas y profesionales exigentes.<\/li>\n<li data-section-id=\"5kt981\" data-start=\"4684\" data-end=\"4730\">No se necesitan cables el\u00e9ctricos durante su uso.<\/li>\n<\/ul>\n<hr data-start=\"4732\" data-end=\"4735\" \/>\n<h2 data-section-id=\"1ilt2zm\" data-start=\"4737\" data-end=\"4767\"><\/h2>\n<div class=\"TyagGW_tableContainer\">\n<div class=\"group TyagGW_tableWrapper flex flex-col-reverse w-fit\" tabindex=\"-1\">\n<table class=\"w-fit min-w-(--thread-content-width)\" data-start=\"4769\" data-end=\"5507\">\n<thead data-start=\"4769\" data-end=\"4802\">\n<tr data-start=\"4769\" data-end=\"4802\">\n<th class=\"last:pe-10\" data-start=\"4769\" data-end=\"4787\" data-col-size=\"sm\">Especificaciones t\u00e9cnicas<\/th>\n<th class=\"last:pe-10\" data-start=\"4787\" data-end=\"4802\" data-col-size=\"sm\">Detalles del producto<\/th>\n<\/tr>\n<\/thead>\n<tbody data-start=\"4813\" data-end=\"5507\">\n<tr data-start=\"4813\" data-end=\"4844\">\n<td data-start=\"4813\" data-end=\"4822\" data-col-size=\"sm\">Marca<\/td>\n<td data-start=\"4822\" data-end=\"4844\" data-col-size=\"sm\">Bosch Professional<\/td>\n<\/tr>\n<tr data-start=\"4845\" data-end=\"4868\">\n<td data-start=\"4845\" data-end=\"4854\" data-col-size=\"sm\">Modelo<\/td>\n<td data-start=\"4854\" data-end=\"4868\" data-col-size=\"sm\">GGP 12V-25<\/td>\n<\/tr>\n<tr data-start=\"4869\" data-end=\"4905\">\n<td data-start=\"4869\" data-end=\"4891\" data-col-size=\"sm\">Referencia del fabricante<\/td>\n<td data-start=\"4891\" data-end=\"4905\" data-col-size=\"sm\">06008D8101<\/td>\n<\/tr>\n<tr data-start=\"4906\" data-end=\"4956\">\n<td data-start=\"4906\" data-end=\"4924\" data-col-size=\"sm\">Tipo de producto<\/td>\n<td data-start=\"4924\" data-end=\"4956\" data-col-size=\"sm\">Podadora el\u00e9ctrica inal\u00e1mbrica<\/td>\n<\/tr>\n<tr data-start=\"4957\" data-end=\"4975\">\n<td data-start=\"4957\" data-end=\"4967\" data-col-size=\"sm\">Tensi\u00f3n<\/td>\n<td data-start=\"4967\" data-end=\"4975\" data-col-size=\"sm\">12V<\/td>\n<\/tr>\n<tr data-start=\"4976\" data-end=\"5022\">\n<td data-start=\"4976\" data-end=\"4993\" data-col-size=\"sm\">Tipo de motor<\/td>\n<td data-start=\"4993\" data-end=\"5022\" data-col-size=\"sm\">Sin escobillas<\/td>\n<\/tr>\n<tr data-start=\"5023\" data-end=\"5069\">\n<td data-start=\"5023\" data-end=\"5052\" data-col-size=\"sm\">Capacidad m\u00e1xima de corte<\/td>\n<td data-start=\"5052\" data-end=\"5069\" data-col-size=\"sm\">Hasta 25 mm<\/td>\n<\/tr>\n<tr data-start=\"5070\" data-end=\"5117\">\n<td data-start=\"5070\" data-end=\"5089\" data-col-size=\"sm\">N\u00famero de cortes<\/td>\n<td data-start=\"5089\" data-end=\"5117\" data-col-size=\"sm\">Hasta 4.500 por carga<\/td>\n<\/tr>\n<tr data-start=\"5118\" data-end=\"5163\">\n<td data-start=\"5118\" data-end=\"5133\" data-col-size=\"sm\">Tipo de cuchilla<\/td>\n<td data-start=\"5133\" data-end=\"5163\" data-col-size=\"sm\">cuchilla de derivaci\u00f3n\/salida<\/td>\n<\/tr>\n<tr data-start=\"5164\" data-end=\"5192\">\n<td data-start=\"5164\" data-end=\"5178\" data-col-size=\"sm\">Orientaci\u00f3n<\/td>\n<td data-start=\"5178\" data-end=\"5192\" data-col-size=\"sm\">Ambidextro<\/td>\n<\/tr>\n<tr data-start=\"5193\" data-end=\"5229\">\n<td data-start=\"5193\" data-end=\"5217\" data-col-size=\"sm\">Fuente de alimentaci\u00f3n<\/td>\n<td data-start=\"5217\" data-end=\"5229\" data-col-size=\"sm\">Bater\u00eda<\/td>\n<\/tr>\n<tr data-start=\"5230\" data-end=\"5256\">\n<td data-start=\"5230\" data-end=\"5249\" data-col-size=\"sm\">Bater\u00eda incluida<\/td>\n<td data-start=\"5249\" data-end=\"5256\" data-col-size=\"sm\">No<\/td>\n<\/tr>\n<tr data-start=\"5257\" data-end=\"5282\">\n<td data-start=\"5257\" data-end=\"5275\" data-col-size=\"sm\">Cargador incluido<\/td>\n<td data-start=\"5275\" data-end=\"5282\" data-col-size=\"sm\">No<\/td>\n<\/tr>\n<tr data-start=\"5283\" data-end=\"5310\">\n<td data-start=\"5283\" data-end=\"5293\" data-col-size=\"sm\">Versi\u00f3n<\/td>\n<td data-start=\"5293\" data-end=\"5310\" data-col-size=\"sm\">Solo m\u00e1quina<\/td>\n<\/tr>\n<tr data-start=\"5311\" data-end=\"5359\">\n<td data-start=\"5311\" data-end=\"5333\" data-col-size=\"sm\">Peso sin bater\u00eda<\/td>\n<td data-start=\"5333\" data-end=\"5359\" data-col-size=\"sm\">Aproximadamente de 0,83 a 0,85 kg<\/td>\n<\/tr>\n<tr data-start=\"5360\" data-end=\"5403\">\n<td data-start=\"5360\" data-end=\"5373\" data-col-size=\"sm\">Dimensiones<\/td>\n<td data-start=\"5373\" data-end=\"5403\" data-col-size=\"sm\">Aproximadamente 33,6 \u00d7 14 \u00d7 8,5 cm<\/td>\n<\/tr>\n<tr data-start=\"5404\" data-end=\"5441\">\n<td data-start=\"5404\" data-end=\"5414\" data-col-size=\"sm\">Color<\/td>\n<td data-start=\"5414\" data-end=\"5441\" data-col-size=\"sm\">Bosch Professional Azul<\/td>\n<\/tr>\n<tr data-start=\"5442\" data-end=\"5472\">\n<td data-start=\"5442\" data-end=\"5455\" data-col-size=\"sm\">EAN \/ GTIN<\/td>\n<td data-start=\"5455\" data-end=\"5472\" data-col-size=\"sm\">4053423357073<\/td>\n<\/tr>\n<tr data-start=\"5473\" data-end=\"5507\">\n<td data-start=\"5473\" data-end=\"5498\" data-col-size=\"sm\">Pa\u00eds de origen indicado<\/td>\n<td data-start=\"5498\" data-end=\"5507\" data-col-size=\"sm\">Porcelana<\/td>\n<\/tr>\n<\/tbody>\n<\/table>\n<\/div>\n<\/div>\n<hr data-start=\"5509\" data-end=\"5512\" \/>\n<h2 data-section-id=\"1ulyre\" data-start=\"5514\" data-end=\"5540\">Contenido del env\u00edo<\/h2>\n<ul data-start=\"5542\" data-end=\"5625\">\n<li data-section-id=\"10f9h3w\" data-start=\"5542\" data-end=\"5597\">1 \u00d7 Tijeras de podar el\u00e9ctricas Bosch Professional GGP 12V-25<\/li>\n<li data-section-id=\"15xdzn7\" data-start=\"5598\" data-end=\"5625\">Documentaci\u00f3n del usuario<\/li>\n<\/ul>\n<p data-start=\"5627\" data-end=\"5663\"><strong data-start=\"5627\" data-end=\"5663\">Bater\u00eda y cargador no incluidos.<\/strong><\/p>\n<p data-start=\"5665\" data-end=\"5820\">La bater\u00eda y el cargador Bosch Professional de 12 V compatibles deber\u00e1n adquirirse por separado si el cliente no dispone ya del sistema correspondiente.<\/p>\n<hr data-start=\"5822\" data-end=\"5825\" \/>\n<h2 data-section-id=\"1docm0q\" data-start=\"5827\" data-end=\"5855\">Usos recomendados:<\/h2>\n<p data-start=\"5857\" data-end=\"5907\">La Bosch Professional GGP 12V-25 es adecuada para:<\/p>\n<ul data-start=\"5909\" data-end=\"6191\">\n<li data-section-id=\"1fj96g0\" data-start=\"5909\" data-end=\"5935\">el tama\u00f1o de los arbustos; ;<\/li>\n<li data-section-id=\"en9om\" data-start=\"5936\" data-end=\"5964\">el mantenimiento de los arbustos; ;<\/li>\n<li data-section-id=\"12dgt5d\" data-start=\"5965\" data-end=\"5999\">el tama\u00f1o de los \u00e1rboles frutales; ;<\/li>\n<li data-section-id=\"ita0s4\" data-start=\"6000\" data-end=\"6032\">trabajar en los huertos; ;<\/li>\n<li data-section-id=\"zgd747\" data-start=\"6033\" data-end=\"6071\">Cortar ramas de hasta 25 mm; ;<\/li>\n<li data-section-id=\"1lzw5tk\" data-start=\"6072\" data-end=\"6108\">mantenimiento regular del jard\u00edn; ;<\/li>\n<li data-section-id=\"128ppu6\" data-start=\"6109\" data-end=\"6144\">tareas de corte repetitivas; ;<\/li>\n<li data-section-id=\"1djv91m\" data-start=\"6145\" data-end=\"6191\">Mantenimiento profesional de zonas verdes.<\/li>\n<\/ul>\n<hr data-start=\"6193\" data-end=\"6196\" \/>\n<h2 data-section-id=\"1378wcq\" data-start=\"6198\" data-end=\"6225\">\u00a1Informaci\u00f3n importante!<\/h2>\n<p data-start=\"6227\" data-end=\"6277\">Este producto se vende en <strong data-start=\"6251\" data-end=\"6276\">versi\u00f3n solo para m\u00e1quina<\/strong>.<\/p>\n<p data-start=\"6279\" data-end=\"6329\"><strong data-start=\"6279\" data-end=\"6329\">La bater\u00eda y el cargador no est\u00e1n incluidos.<\/strong><\/p>\n<p data-start=\"6331\" data-end=\"6398\">El n\u00famero m\u00e1ximo de <strong data-start=\"6352\" data-end=\"6379\">4.500 cortes por cargo<\/strong> Depende en particular de:<\/p>\n<ul data-start=\"6400\" data-end=\"6561\">\n<li data-section-id=\"1wxyk1h\" data-start=\"6400\" data-end=\"6427\">de la bater\u00eda utilizada; ;<\/li>\n<li data-section-id=\"1xx6120\" data-start=\"6428\" data-end=\"6456\">el di\u00e1metro de las ramas; ;<\/li>\n<li data-section-id=\"1bxrp9r\" data-start=\"6457\" data-end=\"6494\">la dureza y el estado de la madera; ;<\/li>\n<li data-section-id=\"2to2xs\" data-start=\"6495\" data-end=\"6528\">condiciones de temperatura; ;<\/li>\n<li data-section-id=\"w1nvoo\" data-start=\"6529\" data-end=\"6561\">de la t\u00e9cnica de uso.<\/li>\n<\/ul>\n<p data-start=\"6563\" data-end=\"6663\">La capacidad m\u00e1xima anunciada de <strong data-start=\"6596\" data-end=\"6605\">25 mm<\/strong> Tambi\u00e9n puede variar dependiendo del tipo y la dureza de la madera.<\/p>\n<p data-start=\"6665\" data-end=\"6825\">Antes de realizar cualquier limpieza, inspecci\u00f3n o mantenimiento, retire la bater\u00eda. Use guantes adecuados y mantenga las manos alejadas de la zona de corte.<\/p>","protected":false},"excerpt":{"rendered":"<p>Entrega r\u00e1pida en Europa (3-7 d\u00edas)<br \/>\nPago seguro<\/p>","protected":false},"featured_media":41722,"comment_status":"open","ping_status":"closed","template":"","meta":[],"product_brand":[1061],"product_cat":[908,925,1071],"product_tag":[1084],"class_list":["post-41540","product","type-product","status-publish","has-post-thumbnail","product_brand-bosch-professional","product_cat-ga-garden","product_cat-outils-de-coupe-elagage","product_cat-secateurs","product_tag-bosch-professional-secateur-electrique-secateur-sans-fil-secateur-12-v-coupe-25-mm-moteur-sans-charbons-machine-seule-coupe-et-elagage","first","instock","taxable","shipping-taxable","purchasable","product-type-simple"],"_links":{"self":[{"href":"https:\/\/greenagritec.com\/es\/wp-json\/wp\/v2\/product\/41540","targetHints":{"allow":["GET"]}}],"collection":[{"href":"https:\/\/greenagritec.com\/es\/wp-json\/wp\/v2\/product"}],"about":[{"href":"https:\/\/greenagritec.com\/es\/wp-json\/wp\/v2\/types\/product"}],"replies":[{"embeddable":true,"href":"https:\/\/greenagritec.com\/es\/wp-json\/wp\/v2\/comments?post=41540"}],"version-history":[{"count":1,"href":"https:\/\/greenagritec.com\/es\/wp-json\/wp\/v2\/product\/41540\/revisions"}],"predecessor-version":[{"id":42099,"href":"https:\/\/greenagritec.com\/es\/wp-json\/wp\/v2\/product\/41540\/revisions\/42099"}],"wp:featuredmedia":[{"embeddable":true,"href":"https:\/\/greenagritec.com\/es\/wp-json\/wp\/v2\/media\/41722"}],"wp:attachment":[{"href":"https:\/\/greenagritec.com\/es\/wp-json\/wp\/v2\/media?parent=41540"}],"wp:term":[{"taxonomy":"product_brand","embeddable":true,"href":"https:\/\/greenagritec.com\/es\/wp-json\/wp\/v2\/product_brand?post=41540"},{"taxonomy":"product_cat","embeddable":true,"href":"https:\/\/greenagritec.com\/es\/wp-json\/wp\/v2\/product_cat?post=41540"},{"taxonomy":"product_tag","embeddable":true,"href":"https:\/\/greenagritec.com\/es\/wp-json\/wp\/v2\/product_tag?post=41540"}],"curies":[{"name":"wp","href":"https:\/\/api.w.org\/{rel}","templated":true}]}}