{"id":41489,"date":"2026-07-10T09:04:35","date_gmt":"2026-07-10T09:04:35","guid":{"rendered":"https:\/\/greenagritec.com\/"},"modified":"2026-08-06T08:53:17","modified_gmt":"2026-08-06T08:53:17","slug":"tijeras-de-podar-inalambricas-de-36-v-ancho-de-corte-de-8-cm-9881-20-gardena-accucut-li","status":"publish","type":"product","link":"https:\/\/greenagritec.com\/es\/producto-2\/tijeras-de-podar-inalambricas-de-36-v-ancho-de-corte-de-8-cm-9881-20-gardena-accucut-li\/","title":{"rendered":"Tijeras de podar inal\u00e1mbricas de 3,6 V \u2013 Ancho de corte de 8 cm \u2013 9881-20 \u2013 GARDENA AccuCut Li"},"content":{"rendered":"<h2 class=\"PDq2pG_selectionAnchorContainer\" data-section-id=\"9r7kq\" data-start=\"3495\" data-end=\"3548\">GARDENA AccuCut Li \u2013 Cisaille \u00e0 gazon sur batterie<\/h2>\n<p data-start=\"3550\" data-end=\"3672\">All\u00e1 <strong data-start=\"3553\" data-end=\"3575\">GARDENA AccuCut Li<\/strong> est con\u00e7ue pour faciliter les travaux de finition et l\u2019entretien pr\u00e9cis des bordures de pelouse.<\/p>\n<p data-start=\"3674\" data-end=\"3832\">Compacte, l\u00e9g\u00e8re et sans fil, elle permet de travailler librement dans les zones o\u00f9 une tondeuse ou un coupe-bordures ne peut pas toujours acc\u00e9der facilement.<\/p>\n<p data-start=\"3834\" data-end=\"3893\">Elle est particuli\u00e8rement adapt\u00e9e pour la finition autour :<\/p>\n<ul data-start=\"3895\" data-end=\"4052\">\n<li data-section-id=\"wext3z\" data-start=\"3895\" data-end=\"3922\">des bordures de pelouse ;<\/li>\n<li data-section-id=\"o1ubvv\" data-start=\"3923\" data-end=\"3948\">des massifs de fleurs ;<\/li>\n<li data-section-id=\"p3g4d0\" data-start=\"3949\" data-end=\"3963\">des arbres ;<\/li>\n<li data-section-id=\"zcouyc\" data-start=\"3964\" data-end=\"3980\">des arbustes ;<\/li>\n<li data-section-id=\"1qn451b\" data-start=\"3981\" data-end=\"3997\">des cl\u00f4tures ;<\/li>\n<li data-section-id=\"y4q2go\" data-start=\"3998\" data-end=\"4010\">des murs ;<\/li>\n<li data-section-id=\"1grhzlz\" data-start=\"4011\" data-end=\"4028\">des terrasses ;<\/li>\n<li data-section-id=\"102wpw1\" data-start=\"4029\" data-end=\"4052\">des all\u00e9es de jardin.<\/li>\n<\/ul>\n<h2 data-section-id=\"as34qk\" data-start=\"4054\" data-end=\"4095\">Coupe pr\u00e9cise avec une largeur de 8 cm<\/h2>\n<p data-start=\"4097\" data-end=\"4155\">La lame de qualit\u00e9 offre une largeur de coupe de <strong data-start=\"4146\" data-end=\"4154\">8 cm<\/strong>.<\/p>\n<p data-start=\"4157\" data-end=\"4259\">Elle permet d\u2019obtenir des bordures nettes et r\u00e9guli\u00e8res tout en conservant un bon contr\u00f4le de l\u2019outil.<\/p>\n<p data-start=\"4261\" data-end=\"4361\">La conception compacte facilite \u00e9galement le travail dans les espaces \u00e9troits et autour des plantes.<\/p>\n<h2 data-section-id=\"11vep0o\" data-start=\"4363\" data-end=\"4389\">funcionamiento inal\u00e1mbrico<\/h2>\n<p data-start=\"4391\" data-end=\"4488\">Gr\u00e2ce \u00e0 sa batterie lithium-ion int\u00e9gr\u00e9e, la GARDENA AccuCut Li fonctionne sans c\u00e2ble \u00e9lectrique.<\/p>\n<p data-start=\"4490\" data-end=\"4635\">L\u2019utilisateur b\u00e9n\u00e9ficie ainsi d\u2019une grande libert\u00e9 de mouvement dans le jardin, sans rallonge et sans risque de couper accidentellement un c\u00e2ble.<\/p>\n<h2 data-section-id=\"7p8cm8\" data-start=\"4637\" data-end=\"4666\">Batterie int\u00e9gr\u00e9e de 3,6 V<\/h2>\n<p data-start=\"4668\" data-end=\"4732\">La cisaille est \u00e9quip\u00e9e d\u2019une batterie lithium-ion int\u00e9gr\u00e9e de :<\/p>\n<ul data-start=\"4734\" data-end=\"4876\">\n<li data-section-id=\"kergy\" data-start=\"4734\" data-end=\"4757\"><strong data-start=\"4736\" data-end=\"4755\">tension : 3,6 V<\/strong> ;<\/li>\n<li data-section-id=\"1hrlgy2\" data-start=\"4758\" data-end=\"4783\"><strong data-start=\"4760\" data-end=\"4781\">capacit\u00e9 : 2,0 Ah<\/strong> ;<\/li>\n<li data-section-id=\"b08o0m\" data-start=\"4784\" data-end=\"4831\"><strong data-start=\"4786\" data-end=\"4829\">autonomie maximale : jusqu\u2019\u00e0 40 minutes<\/strong> ;<\/li>\n<li data-section-id=\"1niytpv\" data-start=\"4832\" data-end=\"4876\"><strong data-start=\"4834\" data-end=\"4875\">temps de charge : environ 230 minutes<\/strong>.<\/li>\n<\/ul>\n<p data-start=\"4878\" data-end=\"4969\">L\u2019autonomie r\u00e9elle peut varier selon les conditions d\u2019utilisation et la densit\u00e9 de l\u2019herbe.<\/p>\n<h2 data-section-id=\"1kelwha\" data-start=\"4971\" data-end=\"4995\">L\u00e9g\u00e8re et confortable<\/h2>\n<p data-start=\"4997\" data-end=\"5094\">Gr\u00e2ce \u00e0 son format compact et \u00e0 sa poign\u00e9e ergonomique, la cisaille est facile \u00e0 prendre en main.<\/p>\n<p data-start=\"5096\" data-end=\"5211\">Son faible poids contribue \u00e0 r\u00e9duire la fatigue lors des travaux de finition et permet une utilisation confortable.<\/p>\n<h2 data-section-id=\"cnd7re\" data-start=\"5213\" data-end=\"5232\">Lame rempla\u00e7able<\/h2>\n<p data-start=\"5234\" data-end=\"5283\">La lame peut \u00eatre remplac\u00e9e lorsqu\u2019elle est us\u00e9e.<\/p>\n<p data-start=\"5285\" data-end=\"5426\">La disponibilit\u00e9 de pi\u00e8ces d\u00e9tach\u00e9es permet de prolonger la dur\u00e9e d\u2019utilisation de l\u2019appareil sans devoir remplacer l\u2019ensemble de la machine.<\/p>\n<hr data-start=\"5428\" data-end=\"5431\" \/>\n<h1 data-section-id=\"wfxcat\" data-start=\"5433\" data-end=\"5447\">Points forts<\/h1>\n<ul data-start=\"5449\" data-end=\"5817\">\n<li data-section-id=\"1accsx9\" data-start=\"5449\" data-end=\"5476\">Cisaille \u00e0 gazon sans fil<\/li>\n<li data-section-id=\"1ieqs8u\" data-start=\"5477\" data-end=\"5508\">Batterie lithium-ion int\u00e9gr\u00e9e<\/li>\n<li data-section-id=\"17b1yog\" data-start=\"5509\" data-end=\"5542\">Tension de batterie : <strong data-start=\"5533\" data-end=\"5542\">3,6 V<\/strong><\/li>\n<li data-section-id=\"f55j75\" data-start=\"5543\" data-end=\"5566\">Capacit\u00e9 : <strong data-start=\"5556\" data-end=\"5566\">2.0 Ah<\/strong><\/li>\n<li data-section-id=\"w99zeb\" data-start=\"5567\" data-end=\"5596\">Ancho de corte: <strong data-start=\"5588\" data-end=\"5596\">8 cm<\/strong><\/li>\n<li data-section-id=\"pq7vbm\" data-start=\"5597\" data-end=\"5633\">Hasta <strong data-start=\"5607\" data-end=\"5633\">40 minutes d\u2019autonomie<\/strong><\/li>\n<li data-section-id=\"17e9drc\" data-start=\"5634\" data-end=\"5659\">Compacto y ligero<\/li>\n<li data-section-id=\"1ubfdnd\" data-start=\"5660\" data-end=\"5679\">Buen manejo<\/li>\n<li data-section-id=\"9uf223\" data-start=\"5680\" data-end=\"5708\">Coupe pr\u00e9cise des bordures<\/li>\n<li data-section-id=\"1h1aygo\" data-start=\"5709\" data-end=\"5751\">Id\u00e9ale pour les zones difficiles d\u2019acc\u00e8s<\/li>\n<li data-section-id=\"13p1v28\" data-start=\"5752\" data-end=\"5773\">Mango ergon\u00f3mico<\/li>\n<li data-section-id=\"1h0l8p3\" data-start=\"5774\" data-end=\"5792\">Lame rempla\u00e7able<\/li>\n<li data-section-id=\"1b1gmtq\" data-start=\"5793\" data-end=\"5817\">Utilisation sans c\u00e2ble<\/li>\n<\/ul>\n<hr data-start=\"5819\" data-end=\"5822\" \/>\n<h1 data-section-id=\"pal4sh\" data-start=\"5824\" data-end=\"5853\"><\/h1>\n<div class=\"TyagGW_tableContainer\">\n<div class=\"group TyagGW_tableWrapper flex flex-col-reverse w-fit\" tabindex=\"-1\">\n<table class=\"w-fit min-w-(--thread-content-width)\" data-start=\"5855\" data-end=\"6397\">\n<thead data-start=\"5855\" data-end=\"5883\">\n<tr data-start=\"5855\" data-end=\"5883\">\n<th class=\"last:pe-10\" data-start=\"5855\" data-end=\"5873\" data-col-size=\"sm\">Especificaciones t\u00e9cnicas<\/th>\n<th class=\"last:pe-10\" data-start=\"5873\" data-end=\"5883\" data-col-size=\"sm\">Detalles del producto<\/th>\n<\/tr>\n<\/thead>\n<tbody data-start=\"5895\" data-end=\"6397\">\n<tr data-start=\"5895\" data-end=\"5915\">\n<td data-start=\"5895\" data-end=\"5904\" data-col-size=\"sm\">Marca<\/td>\n<td data-start=\"5904\" data-end=\"5915\" data-col-size=\"sm\">JARDINA<\/td>\n<\/tr>\n<tr data-start=\"5916\" data-end=\"5939\">\n<td data-start=\"5916\" data-end=\"5925\" data-col-size=\"sm\">Modelo<\/td>\n<td data-start=\"5925\" data-end=\"5939\" data-col-size=\"sm\">AccuCut Li<\/td>\n<\/tr>\n<tr data-start=\"5940\" data-end=\"5973\">\n<td data-start=\"5940\" data-end=\"5962\" data-col-size=\"sm\">Referencia del fabricante<\/td>\n<td data-start=\"5962\" data-end=\"5973\" data-col-size=\"sm\">9881-20<\/td>\n<\/tr>\n<tr data-start=\"5974\" data-end=\"6004\">\n<td data-start=\"5974\" data-end=\"5987\" data-col-size=\"sm\">EAN \/ GTIN<\/td>\n<td data-start=\"5987\" data-end=\"6004\" data-col-size=\"sm\">4066407502086<\/td>\n<\/tr>\n<tr data-start=\"6005\" data-end=\"6056\">\n<td data-start=\"6005\" data-end=\"6023\" data-col-size=\"sm\">Tipo de producto<\/td>\n<td data-start=\"6023\" data-end=\"6056\" data-col-size=\"sm\">Cisaille \u00e0 gazon sur batterie<\/td>\n<\/tr>\n<tr data-start=\"6057\" data-end=\"6091\">\n<td data-start=\"6057\" data-end=\"6082\" data-col-size=\"sm\">Tension de la batterie<\/td>\n<td data-start=\"6082\" data-end=\"6091\" data-col-size=\"sm\">3,6 V<\/td>\n<\/tr>\n<tr data-start=\"6092\" data-end=\"6128\">\n<td data-start=\"6092\" data-end=\"6118\" data-col-size=\"sm\">Capacidad de la bater\u00eda<\/td>\n<td data-start=\"6118\" data-end=\"6128\" data-col-size=\"sm\">2.0 Ah<\/td>\n<\/tr>\n<tr data-start=\"6129\" data-end=\"6170\">\n<td data-start=\"6129\" data-end=\"6155\" data-col-size=\"sm\">Tecnolog\u00eda de bater\u00edas<\/td>\n<td data-start=\"6155\" data-end=\"6170\" data-col-size=\"sm\">Iones de litio<\/td>\n<\/tr>\n<tr data-start=\"6171\" data-end=\"6198\">\n<td data-start=\"6171\" data-end=\"6190\" data-col-size=\"sm\">Ancho de corte<\/td>\n<td data-start=\"6190\" data-end=\"6198\" data-col-size=\"sm\">8 cm<\/td>\n<\/tr>\n<tr data-start=\"6199\" data-end=\"6242\">\n<td data-start=\"6199\" data-end=\"6220\" data-col-size=\"sm\">Autonomie maximale<\/td>\n<td data-start=\"6220\" data-end=\"6242\" data-col-size=\"sm\">Jusqu\u2019\u00e0 40 minutes<\/td>\n<\/tr>\n<tr data-start=\"6243\" data-end=\"6284\">\n<td data-start=\"6243\" data-end=\"6261\" data-col-size=\"sm\">Tiempo de carga<\/td>\n<td data-start=\"6261\" data-end=\"6284\" data-col-size=\"sm\">Environ 230 minutes<\/td>\n<\/tr>\n<tr data-start=\"6285\" data-end=\"6312\">\n<td data-start=\"6285\" data-end=\"6305\" data-col-size=\"sm\">Batterie int\u00e9gr\u00e9e<\/td>\n<td data-start=\"6305\" data-end=\"6312\" data-col-size=\"sm\">S\u00ed<\/td>\n<\/tr>\n<tr data-start=\"6313\" data-end=\"6363\">\n<td data-start=\"6313\" data-end=\"6327\" data-col-size=\"sm\">Usar<\/td>\n<td data-start=\"6327\" data-end=\"6363\" data-col-size=\"sm\">Finition des bordures de pelouse<\/td>\n<\/tr>\n<tr data-start=\"6364\" data-end=\"6397\">\n<td data-start=\"6364\" data-end=\"6390\" data-col-size=\"sm\">funcionamiento inal\u00e1mbrico<\/td>\n<td data-start=\"6390\" data-end=\"6397\" data-col-size=\"sm\">S\u00ed<\/td>\n<\/tr>\n<\/tbody>\n<\/table>\n<\/div>\n<\/div>\n<p data-start=\"6399\" data-end=\"6669\">\n<hr data-start=\"6671\" data-end=\"6674\" \/>\n<h1 data-section-id=\"nc507t\" data-start=\"6676\" data-end=\"6701\">Contenido del env\u00edo:<\/h1>\n<p data-start=\"6703\" data-end=\"6741\">D\u2019apr\u00e8s les informations disponibles :<\/p>\n<ul data-start=\"6743\" data-end=\"6892\">\n<li data-section-id=\"1cvplda\" data-start=\"6743\" data-end=\"6784\">1 \u00d7 cisaille \u00e0 gazon GARDENA AccuCut Li<\/li>\n<li data-section-id=\"126if4x\" data-start=\"6785\" data-end=\"6811\">1 \u00d7 lame \u00e0 gazon de 8 cm<\/li>\n<li data-section-id=\"1hmlrmx\" data-start=\"6812\" data-end=\"6836\">1 \u00d7 protection de lame<\/li>\n<li data-section-id=\"1fqftrp\" data-start=\"6837\" data-end=\"6864\">1 \u00d7 c\u00e2ble de charge USB-C<\/li>\n<li data-section-id=\"15xdzn7\" data-start=\"6865\" data-end=\"6892\">Documentaci\u00f3n del usuario<\/li>\n<\/ul>","protected":false},"excerpt":{"rendered":"<p>Entrega r\u00e1pida en Europa (3-7 d\u00edas)<br \/>\nPago seguro<\/p>","protected":false},"featured_media":41802,"comment_status":"open","ping_status":"closed","template":"","meta":[],"product_brand":[1021],"product_cat":[908,1075],"product_tag":[],"class_list":["post-41489","product","type-product","status-publish","has-post-thumbnail","product_brand-gardena","product_cat-ga-garden","product_cat-cisailles","first","instock","taxable","shipping-taxable","purchasable","product-type-simple"],"_links":{"self":[{"href":"https:\/\/greenagritec.com\/es\/wp-json\/wp\/v2\/product\/41489","targetHints":{"allow":["GET"]}}],"collection":[{"href":"https:\/\/greenagritec.com\/es\/wp-json\/wp\/v2\/product"}],"about":[{"href":"https:\/\/greenagritec.com\/es\/wp-json\/wp\/v2\/types\/product"}],"replies":[{"embeddable":true,"href":"https:\/\/greenagritec.com\/es\/wp-json\/wp\/v2\/comments?post=41489"}],"version-history":[{"count":0,"href":"https:\/\/greenagritec.com\/es\/wp-json\/wp\/v2\/product\/41489\/revisions"}],"wp:featuredmedia":[{"embeddable":true,"href":"https:\/\/greenagritec.com\/es\/wp-json\/wp\/v2\/media\/41802"}],"wp:attachment":[{"href":"https:\/\/greenagritec.com\/es\/wp-json\/wp\/v2\/media?parent=41489"}],"wp:term":[{"taxonomy":"product_brand","embeddable":true,"href":"https:\/\/greenagritec.com\/es\/wp-json\/wp\/v2\/product_brand?post=41489"},{"taxonomy":"product_cat","embeddable":true,"href":"https:\/\/greenagritec.com\/es\/wp-json\/wp\/v2\/product_cat?post=41489"},{"taxonomy":"product_tag","embeddable":true,"href":"https:\/\/greenagritec.com\/es\/wp-json\/wp\/v2\/product_tag?post=41489"}],"curies":[{"name":"wp","href":"https:\/\/api.w.org\/{rel}","templated":true}]}}