{"id":39351,"date":"2026-05-02T11:38:33","date_gmt":"2026-05-02T11:38:33","guid":{"rendered":"https:\/\/greenagritec.com\/"},"modified":"2026-05-02T11:38:41","modified_gmt":"2026-05-02T11:38:41","slug":"chaise-longue-caiman-avec-coussin-sp-berner","status":"publish","type":"product","link":"https:\/\/greenagritec.com\/es\/producto-2\/chaise-longue-caiman-avec-coussin-sp-berner\/","title":{"rendered":"Chaise longue Caiman con coj\u00edn \u2013 SP-BERNER"},"content":{"rendered":"<p data-start=\"206\" data-end=\"386\">All\u00e1 <strong data-start=\"209\" data-end=\"297\">chaise longue Caim\u00e1n avec coussin de la marque <span class=\"hover:entity-accent entity-underline inline cursor-pointer align-baseline\"><span class=\"whitespace-normal\">SP-BERNER<\/span><\/span><\/strong> est une solution id\u00e9ale pour profiter pleinement de vos moments de d\u00e9tente en ext\u00e9rieur.<\/p>\n<p data-start=\"388\" data-end=\"604\">Con\u00e7ue pour offrir un maximum de confort, elle est \u00e9quip\u00e9e <strong data-start=\"447\" data-end=\"476\">d\u2019accoudoirs ergonomiques<\/strong> et d\u2019un <strong data-start=\"485\" data-end=\"504\">coussin assorti<\/strong>, parfaits pour une utilisation prolong\u00e9e dans le jardin, sur une terrasse ou au bord d\u2019une piscine.<\/p>\n<p data-start=\"606\" data-end=\"827\">Sa conception <strong data-start=\"620\" data-end=\"631\">pliable<\/strong> et ses <strong data-start=\"639\" data-end=\"658\">roues int\u00e9gr\u00e9es<\/strong> facilitent le transport et le rangement, ce qui la rend aussi bien adapt\u00e9e \u00e0 un usage domestique que professionnel (h\u00f4tels, locations saisonni\u00e8res, espaces ext\u00e9rieurs).<\/p>\n<p data-start=\"829\" data-end=\"949\">Fabriqu\u00e9e en Espagne \u00e0 partir de <strong data-start=\"862\" data-end=\"884\">mat\u00e9riaux recycl\u00e9s<\/strong>, elle allie durabilit\u00e9, praticit\u00e9 et respect de l\u2019environnement.<\/p>\n<hr data-start=\"951\" data-end=\"954\" \/>\n<h2 data-section-id=\"1tmyq3t\" data-start=\"956\" data-end=\"991\"><span role=\"text\"><strong data-start=\"959\" data-end=\"991\">Caracter\u00edsticas principales:<\/strong><\/span><\/h2>\n<p data-start=\"993\" data-end=\"1237\">Chaise longue pliable<br data-start=\"1016\" data-end=\"1019\" \/>Accoudoirs ergonomiques<br data-start=\"1044\" data-end=\"1047\" \/>Dossier r\u00e9glable (4 positions)<br data-start=\"1079\" data-end=\"1082\" \/>2 roues pour un d\u00e9placement facile<br data-start=\"1118\" data-end=\"1121\" \/>Coussin inclus assorti<br data-start=\"1145\" data-end=\"1148\" \/>Design moderne et robuste<br data-start=\"1175\" data-end=\"1178\" \/>Fabrication europ\u00e9enne (Espagne)<br data-start=\"1212\" data-end=\"1215\" \/>Mat\u00e9riaux recycl\u00e9s<\/p>\n<hr data-start=\"1239\" data-end=\"1242\" \/>\n<h2 data-section-id=\"1s6bam7\" data-start=\"1244\" data-end=\"1271\"><span role=\"text\"><strong data-start=\"1247\" data-end=\"1271\">Couleurs disponibles:<\/strong><\/span><\/h2>\n<p data-start=\"1273\" data-end=\"1302\">Marron<br data-start=\"1281\" data-end=\"1284\" \/>Blanc<br data-start=\"1291\" data-end=\"1294\" \/>Vert<\/p>\n<hr data-start=\"1304\" data-end=\"1307\" \/>\n<h2 data-section-id=\"k0zlak\" data-start=\"1309\" data-end=\"1328\"><span role=\"text\"><strong data-start=\"1312\" data-end=\"1328\">Aplicaciones:<\/strong><\/span><\/h2>\n<p data-start=\"1330\" data-end=\"1438\">Jardin<br data-start=\"1338\" data-end=\"1341\" \/>Terrasse<br data-start=\"1351\" data-end=\"1354\" \/>Piscine<br data-start=\"1363\" data-end=\"1366\" \/>Balcon<br data-start=\"1374\" data-end=\"1377\" \/>H\u00f4tellerie \/ Airbnb<br data-start=\"1398\" data-end=\"1401\" \/>Espaces ext\u00e9rieurs professionnels<\/p>\n<hr data-start=\"1440\" data-end=\"1443\" \/>\n<h2 data-section-id=\"psqndl\" data-start=\"1445\" data-end=\"1461\"><span role=\"text\"><strong data-start=\"1448\" data-end=\"1461\">Beneficios:<\/strong><\/span><\/h2>\n<p data-start=\"1463\" data-end=\"1678\">Confort optimal gr\u00e2ce au coussin<br data-start=\"1497\" data-end=\"1500\" \/>Facile \u00e0 d\u00e9placer gr\u00e2ce aux roues<br data-start=\"1535\" data-end=\"1538\" \/>Gain de place avec structure pliable<br data-start=\"1576\" data-end=\"1579\" \/>R\u00e9glable selon vos besoins<br data-start=\"1607\" data-end=\"1610\" \/>Produit \u00e9cologique<br data-start=\"1630\" data-end=\"1633\" \/>Id\u00e9al pour particuliers et professionnels<\/p>\n<hr data-start=\"1680\" data-end=\"1683\" \/>\n<h2 data-section-id=\"10ztnhk\" data-start=\"1685\" data-end=\"1717\"><span role=\"text\"><strong data-start=\"1688\" data-end=\"1717\">Especificaciones t\u00e9cnicas:<\/strong><\/span><\/h2>\n<p><strong data-start=\"1721\" data-end=\"1733\">Mod\u00e8le :<\/strong> Caim\u00e1n avec coussin<\/p>\n<p><strong data-start=\"1758\" data-end=\"1770\">Marca :<\/strong> <span class=\"hover:entity-accent entity-underline inline cursor-pointer align-baseline\"><span class=\"whitespace-normal\">SP-BERNER<\/span><\/span><\/p>\n<p><strong data-start=\"1813\" data-end=\"1836\">Positions dossier :<\/strong> 4<\/p>\n<p><strong data-start=\"1843\" data-end=\"1858\">Structure :<\/strong> Pliable<\/p>\n<p><strong data-start=\"1871\" data-end=\"1882\">Ruedas:<\/strong> Oui (2)<\/p>\n<p><strong data-start=\"1895\" data-end=\"1912\">Fabrication :<\/strong> Espa\u00f1a<\/p>\n<p><strong data-start=\"1925\" data-end=\"1940\">Mat\u00e9riaux :<\/strong> Plastique recycl\u00e9<\/p>\n<hr data-start=\"1962\" data-end=\"1965\" \/>\n<h2 data-section-id=\"1efkqsr\" data-start=\"1967\" data-end=\"1998\"><span role=\"text\"><strong data-start=\"1970\" data-end=\"1998\">Informations logistiques:<\/strong><\/span><\/h2>\n<p><strong data-start=\"2002\" data-end=\"2025\">Dimensions carton :<\/strong> 74 x 19 x 84 cm<\/p>\n<p><strong data-start=\"2046\" data-end=\"2070\">Dimensions palette :<\/strong> 130 x 110 x 237 cm<\/p>\n<p><strong data-start=\"2094\" data-end=\"2105\">Peso :<\/strong> 10,6 kg<\/p>\n<hr data-start=\"2117\" data-end=\"2120\" \/>\n<h2 data-section-id=\"5b1wlm\" data-start=\"2122\" data-end=\"2153\"><span role=\"text\"><strong data-start=\"2125\" data-end=\"2153\">Informaci\u00f3n importante:<\/strong><\/span><\/h2>\n<p data-start=\"2155\" data-end=\"2273\">Produit livr\u00e9 avec coussin assorti<br data-start=\"2191\" data-end=\"2194\" \/>Facile \u00e0 assembler et \u00e0 utiliser<br data-start=\"2228\" data-end=\"2231\" \/>Id\u00e9al pour un usage intensif ext\u00e9rieur<\/p>\n<p data-start=\"2155\" data-end=\"2273\"><strong data-start=\"2430\" data-end=\"2473\"> Livraison estim\u00e9e : 3\u20137 jours ouvr\u00e9s<\/strong><br data-start=\"2473\" data-end=\"2476\" \/><strong data-start=\"2476\" data-end=\"2515\">Stock limit\u00e9 en p\u00e9riode estivale<\/strong><\/p>","protected":false},"excerpt":{"rendered":"<p>Tumbona plegable con coj\u00edn, c\u00f3moda y ajustable, ideal para jard\u00edn, patio o piscina. F\u00e1cil de mover gracias a sus ruedas y fabricada con materiales reciclados.<\/p>","protected":false},"featured_media":39352,"comment_status":"open","ping_status":"closed","template":"","meta":[],"product_brand":[],"product_cat":[902,901,740],"product_tag":[],"class_list":{"0":"post-39351","1":"product","2":"type-product","3":"status-publish","4":"has-post-thumbnail","6":"product_cat-accessoires-de-jardin-mobilier-dexterieur","7":"product_cat-elsabio","8":"product_cat-materiel-agricole-et-de-jardin","10":"first","11":"instock","12":"taxable","13":"shipping-taxable","14":"purchasable","15":"product-type-simple"},"_links":{"self":[{"href":"https:\/\/greenagritec.com\/es\/wp-json\/wp\/v2\/product\/39351","targetHints":{"allow":["GET"]}}],"collection":[{"href":"https:\/\/greenagritec.com\/es\/wp-json\/wp\/v2\/product"}],"about":[{"href":"https:\/\/greenagritec.com\/es\/wp-json\/wp\/v2\/types\/product"}],"replies":[{"embeddable":true,"href":"https:\/\/greenagritec.com\/es\/wp-json\/wp\/v2\/comments?post=39351"}],"version-history":[{"count":1,"href":"https:\/\/greenagritec.com\/es\/wp-json\/wp\/v2\/product\/39351\/revisions"}],"predecessor-version":[{"id":39353,"href":"https:\/\/greenagritec.com\/es\/wp-json\/wp\/v2\/product\/39351\/revisions\/39353"}],"wp:featuredmedia":[{"embeddable":true,"href":"https:\/\/greenagritec.com\/es\/wp-json\/wp\/v2\/media\/39352"}],"wp:attachment":[{"href":"https:\/\/greenagritec.com\/es\/wp-json\/wp\/v2\/media?parent=39351"}],"wp:term":[{"taxonomy":"product_brand","embeddable":true,"href":"https:\/\/greenagritec.com\/es\/wp-json\/wp\/v2\/product_brand?post=39351"},{"taxonomy":"product_cat","embeddable":true,"href":"https:\/\/greenagritec.com\/es\/wp-json\/wp\/v2\/product_cat?post=39351"},{"taxonomy":"product_tag","embeddable":true,"href":"https:\/\/greenagritec.com\/es\/wp-json\/wp\/v2\/product_tag?post=39351"}],"curies":[{"name":"wp","href":"https:\/\/api.w.org\/{rel}","templated":true}]}}